{"id":2,"date":"2015-04-14T19:34:19","date_gmt":"2015-04-14T19:34:19","guid":{"rendered":"http:\/\/journalcologne.hmkw.de\/kunstundkoeln\/?page_id=2"},"modified":"2018-12-16T16:03:48","modified_gmt":"2018-12-16T14:03:48","slug":"ueberuns","status":"publish","type":"page","link":"http:\/\/journalcologne.hmkw.de\/kunstundkoeln\/ueberuns\/","title":{"rendered":"\u00dcber uns"},"content":{"rendered":"<p>&#8222;Kunst &amp; K\u00f6ln&#8220; ist der Blog zur ArtCologne, gestaltet von Studierenden des Studiengangs Journalismus &amp; Unternehmenskommunikation an der HMKW Hochschule f\u00fcr Medien, Kommunikation &amp; Wirtschaft in K\u00f6ln.<\/p>\n<p>Der Blog stellt in 6 Rubriken onlinejournalistisch Geschichten rund um die internationale Kunstmesse dar:<\/p>\n<p><strong>&#8222;Kunst &amp; Kulisse&#8220;<\/strong> wirft einen Blick hinter ebenselbe, \u00f6ffnet T\u00fcren und erz\u00e4hlt die Geschichten hinter den Geschichten der gr\u00f6\u00dften Kunstmesse Europas.<\/p>\n<p><strong>&#8222;Kunst &amp; Kapital&#8220;<\/strong> fragt nach dem Zusammenhang von Kunst und Geld.<\/p>\n<p><strong>&#8222;Kunst &amp; Charaktere&#8220;<\/strong> stellt Menschen vor, die einem auf der ArtCologne begegnen: Extrovertierte, Introvertierte, Ambitionierte und Desorientierte.<\/p>\n<p><strong>&#8222;Kunst &amp; Nichtkunst&#8220;<\/strong> thematisiert Kunstwerke als solche, weist auf Einzelst\u00fccke hin und bietet Interpretationen an. Jeden Tag wird auch ein &#8222;Kunstwerk des Tages&#8220; gek\u00fcrt.<\/p>\n<p><strong>&#8222;Kunst &amp; Krawall&#8220;<\/strong> wirft ein Licht auf Performances und Aktionen.<\/p>\n<p><strong>&#8222;Kunst &amp; Kwatsch&#8220;<\/strong> blickt mit einem Augenzwinkern auf die Kunstszene.<\/p>\n<p><strong>Die Macher<\/strong><\/p>\n<p><img class=\"details-image\" alt=\"\" src=\"https:\/\/i1.wp.com\/journalcologne.hmkw.de\/kunstundkoeln\/wp-content\/uploads\/sites\/21\/2018\/04\/studenten_JU13d.jpg?resize=1020%2C680\" data-recalc-dims=\"1\"><\/p>\n<p><img class=\"details-image\" alt=\"\" src=\"https:\/\/i2.wp.com\/journalcologne.hmkw.de\/kunstundkoeln\/wp-content\/uploads\/sites\/21\/2018\/04\/studenten12B.jpg?resize=1020%2C679\" data-recalc-dims=\"1\"><\/p>\n<p><em>Die Studentenreporterinnen und -reporter des ART COLOGNE Blog 2018<strong><br \/>\n<\/strong><\/em><\/p>\n<p><strong>Redaktionsleitung:<\/strong> Alina Alexandra Liertz, Lisa-Marie Gormanns, Daniel Nelsen, Lukas Dilsen, Konstantin Julius Schmitt und Melissa Hahn.<br \/>\n<strong>Redaktion:<\/strong> Georg Bertram, Lukas Dilsen, Daniel Fl\u00f6rke, Lisa-Marie Gormanns, Melissa Hahn, Johanna Jansen, Katrin Krein, Alina Alexandra Liertz, Daniel Lingen, Elias Malki, Daniel Nelsen, Cedric Philippe Obiombok, Konstantin Julius Schmitt, Maximilian Sigl, Alina Tjart, Yvonne Zwirnmann, Jane Baruth, Shonai Nikita Halfbrodt, Phillipp Heger, Jessica Langst\u00e4dtler, Anna Lena Linkesch, Lisa-Marie Kathrin Puscher, Maximilian Salisch, Melanie Sauter und Lea Schlechtriemen.<br \/>\n<strong>Didaktische Leitung:<\/strong> Andi Goral.<\/p>\n<p>Wir danken der Koelnmesse und Peggy Krause, der Pressesprecherin der ART COLOGNE, f\u00fcr die vielf\u00e4ltige Unterst\u00fctzung.<\/p>\n<p>Das war das HMKW-Presseteam der 51. ART COLOGNE 2017:<\/p>\n<p><img loading=\"lazy\" width=\"632\" height=\"418\" class=\"attachment-large wp-post-image\" alt=\"Artteam2017_01\" src=\"http:\/\/i2.wp.com\/journalcologne.hmkw.de\/kunstundkoeln\/wp-content\/uploads\/sites\/21\/2015\/04\/Artteam2017_01.jpg?fit=632%2C418\"><\/p>\n<p>Redaktionsleitung: Diane Schoeneck, Alina Knops und Patryk Sabramowicz.<br \/>\nDidaktische Leitung: Prof. Dr. Hektor Haark\u00f6tter.<\/p>\n<p>Das war das HMKW-Presseteam der 50. ART COLOGNE 2016:<\/p>\n<p><a href=\"https:\/\/i0.wp.com\/journalcologne.hmkw.de\/kunstundkoeln\/wp-content\/uploads\/sites\/21\/2015\/04\/12999479_1060654373957182_1785735957_o.jpg\"><img data-attachment-id=\"797\" data-permalink=\"http:\/\/journalcologne.hmkw.de\/kunstundkoeln\/ueberuns\/12999479_1060654373957182_1785735957_o\/\" data-orig-file=\"https:\/\/i0.wp.com\/journalcologne.hmkw.de\/kunstundkoeln\/wp-content\/uploads\/sites\/21\/2015\/04\/12999479_1060654373957182_1785735957_o.jpg?fit=2048%2C1365\" data-orig-size=\"2048,1365\" data-comments-opened=\"0\" data-image-meta=\"{&quot;aperture&quot;:&quot;0&quot;,&quot;credit&quot;:&quot;&quot;,&quot;camera&quot;:&quot;&quot;,&quot;caption&quot;:&quot;&quot;,&quot;created_timestamp&quot;:&quot;0&quot;,&quot;copyright&quot;:&quot;&quot;,&quot;focal_length&quot;:&quot;0&quot;,&quot;iso&quot;:&quot;0&quot;,&quot;shutter_speed&quot;:&quot;0&quot;,&quot;title&quot;:&quot;&quot;,&quot;orientation&quot;:&quot;0&quot;}\" data-image-title=\"\" data-image-description=\"\" data-medium-file=\"https:\/\/i0.wp.com\/journalcologne.hmkw.de\/kunstundkoeln\/wp-content\/uploads\/sites\/21\/2015\/04\/12999479_1060654373957182_1785735957_o.jpg?fit=632%2C421\" data-large-file=\"https:\/\/i0.wp.com\/journalcologne.hmkw.de\/kunstundkoeln\/wp-content\/uploads\/sites\/21\/2015\/04\/12999479_1060654373957182_1785735957_o.jpg?fit=1020%2C680\" loading=\"lazy\" width=\"445\" height=\"297\" class=\"alignleft wp-image-797\" alt=\"\" src=\"https:\/\/i0.wp.com\/journalcologne.hmkw.de\/kunstundkoeln\/wp-content\/uploads\/sites\/21\/2015\/04\/12999479_1060654373957182_1785735957_o.jpg?resize=445%2C297\" srcset=\"https:\/\/i0.wp.com\/journalcologne.hmkw.de\/kunstundkoeln\/wp-content\/uploads\/sites\/21\/2015\/04\/12999479_1060654373957182_1785735957_o.jpg?resize=632%2C421 632w, https:\/\/i0.wp.com\/journalcologne.hmkw.de\/kunstundkoeln\/wp-content\/uploads\/sites\/21\/2015\/04\/12999479_1060654373957182_1785735957_o.jpg?resize=1020%2C680 1020w, https:\/\/i0.wp.com\/journalcologne.hmkw.de\/kunstundkoeln\/wp-content\/uploads\/sites\/21\/2015\/04\/12999479_1060654373957182_1785735957_o.jpg?resize=233%2C155 233w, https:\/\/i0.wp.com\/journalcologne.hmkw.de\/kunstundkoeln\/wp-content\/uploads\/sites\/21\/2015\/04\/12999479_1060654373957182_1785735957_o.jpg?resize=50%2C33 50w, https:\/\/i0.wp.com\/journalcologne.hmkw.de\/kunstundkoeln\/wp-content\/uploads\/sites\/21\/2015\/04\/12999479_1060654373957182_1785735957_o.jpg?w=2048 2048w\" sizes=\"(max-width: 445px) 100vw, 445px\" data-recalc-dims=\"1\" \/><\/a><\/p>\n<p>&nbsp;<\/p>\n<p>&nbsp;<\/p>\n<p>&nbsp;<\/p>\n<p>&nbsp;<\/p>\n<p>&nbsp;<\/p>\n<p>&nbsp;<\/p>\n<p>&nbsp;<\/p>\n<p>Eindr\u00fccke der 49. ART COLOGNE vom HMKW-Blogteam im Jahr 2015:<\/p>\n<p><!-- index.php -->\n<div\n\tclass=\"ngg-galleryoverview ngg-ajax-pagination-none\"\n\tid=\"ngg-gallery-524-1\">\n\n    \t<div class=\"slideshowlink\">\n        <a href='http:\/\/journalcologne.hmkw.de\/kunstundkoeln\/ueberuns\/nggallery\/slideshow'>[Zeige eine Slideshow]<\/a>\n\t\t\n\t<\/div>\n\t\t\t<!-- Thumbnails -->\n\t\t\t\t<div id=\"ngg-image-0\" class=\"ngg-gallery-thumbnail-box\" >\n\t\t\t\t        <div class=\"ngg-gallery-thumbnail\">\n            <a href=\"http:\/\/journalcologne.hmkw.de\/kunstundkoeln\/wp-content\/uploads\/sites\/21\/nggallery\/hmkwartredaktion\/MG_3250.JPG\"\n               title=\"\"\n               data-src=\"http:\/\/journalcologne.hmkw.de\/kunstundkoeln\/wp-content\/uploads\/sites\/21\/nggallery\/hmkwartredaktion\/MG_3250.JPG\"\n               data-thumbnail=\"http:\/\/journalcologne.hmkw.de\/kunstundkoeln\/wp-content\/uploads\/sites\/21\/nggallery\/hmkwartredaktion\/thumbs\/thumbs_MG_3250.JPG\"\n               data-image-id=\"15\"\n               data-title=\"_MG_3250.JPG\"\n               data-description=\"\"\n               data-image-slug=\"_mg_3250-jpg-1\"\n               class=\"ngg-fancybox\" rel=\"524\">\n                <img\n                    title=\"_MG_3250.JPG\"\n                    alt=\"_MG_3250.JPG\"\n                    src=\"http:\/\/journalcologne.hmkw.de\/kunstundkoeln\/wp-content\/uploads\/sites\/21\/nggallery\/hmkwartredaktion\/thumbs\/thumbs_MG_3250.JPG\"\n                    width=\"120\"\n                    height=\"90\"\n                    style=\"max-width:100%;\"\n                \/>\n            <\/a>\n        <\/div>\n\t\t\t\t\t\t\t<\/div> \n\t\t\t\n        \n\t\t\t\t<div id=\"ngg-image-1\" class=\"ngg-gallery-thumbnail-box\" >\n\t\t\t\t        <div class=\"ngg-gallery-thumbnail\">\n            <a href=\"http:\/\/journalcologne.hmkw.de\/kunstundkoeln\/wp-content\/uploads\/sites\/21\/nggallery\/hmkwartredaktion\/MG_3379.JPG\"\n               title=\"\"\n               data-src=\"http:\/\/journalcologne.hmkw.de\/kunstundkoeln\/wp-content\/uploads\/sites\/21\/nggallery\/hmkwartredaktion\/MG_3379.JPG\"\n               data-thumbnail=\"http:\/\/journalcologne.hmkw.de\/kunstundkoeln\/wp-content\/uploads\/sites\/21\/nggallery\/hmkwartredaktion\/thumbs\/thumbs_MG_3379.JPG\"\n               data-image-id=\"16\"\n               data-title=\"_MG_3379.JPG\"\n               data-description=\"\"\n               data-image-slug=\"_mg_3379-jpg-1\"\n               class=\"ngg-fancybox\" rel=\"524\">\n                <img\n                    title=\"_MG_3379.JPG\"\n                    alt=\"_MG_3379.JPG\"\n                    src=\"http:\/\/journalcologne.hmkw.de\/kunstundkoeln\/wp-content\/uploads\/sites\/21\/nggallery\/hmkwartredaktion\/thumbs\/thumbs_MG_3379.JPG\"\n                    width=\"120\"\n                    height=\"90\"\n                    style=\"max-width:100%;\"\n                \/>\n            <\/a>\n        <\/div>\n\t\t\t\t\t\t\t<\/div> \n\t\t\t\n        \n\t\t\t\t<div id=\"ngg-image-2\" class=\"ngg-gallery-thumbnail-box\" >\n\t\t\t\t        <div class=\"ngg-gallery-thumbnail\">\n            <a href=\"http:\/\/journalcologne.hmkw.de\/kunstundkoeln\/wp-content\/uploads\/sites\/21\/nggallery\/hmkwartredaktion\/MG_3384.JPG\"\n               title=\"\"\n               data-src=\"http:\/\/journalcologne.hmkw.de\/kunstundkoeln\/wp-content\/uploads\/sites\/21\/nggallery\/hmkwartredaktion\/MG_3384.JPG\"\n               data-thumbnail=\"http:\/\/journalcologne.hmkw.de\/kunstundkoeln\/wp-content\/uploads\/sites\/21\/nggallery\/hmkwartredaktion\/thumbs\/thumbs_MG_3384.JPG\"\n               data-image-id=\"17\"\n               data-title=\"_MG_3384.JPG\"\n               data-description=\"\"\n               data-image-slug=\"_mg_3384-jpg-1\"\n               class=\"ngg-fancybox\" rel=\"524\">\n                <img\n                    title=\"_MG_3384.JPG\"\n                    alt=\"_MG_3384.JPG\"\n                    src=\"http:\/\/journalcologne.hmkw.de\/kunstundkoeln\/wp-content\/uploads\/sites\/21\/nggallery\/hmkwartredaktion\/thumbs\/thumbs_MG_3384.JPG\"\n                    width=\"120\"\n                    height=\"90\"\n                    style=\"max-width:100%;\"\n                \/>\n            <\/a>\n        <\/div>\n\t\t\t\t\t\t\t<\/div> \n\t\t\t\n        \n\t\t\t\t<div id=\"ngg-image-3\" class=\"ngg-gallery-thumbnail-box\" >\n\t\t\t\t        <div class=\"ngg-gallery-thumbnail\">\n            <a href=\"http:\/\/journalcologne.hmkw.de\/kunstundkoeln\/wp-content\/uploads\/sites\/21\/nggallery\/hmkwartredaktion\/MG_3391.JPG\"\n               title=\"\"\n               data-src=\"http:\/\/journalcologne.hmkw.de\/kunstundkoeln\/wp-content\/uploads\/sites\/21\/nggallery\/hmkwartredaktion\/MG_3391.JPG\"\n               data-thumbnail=\"http:\/\/journalcologne.hmkw.de\/kunstundkoeln\/wp-content\/uploads\/sites\/21\/nggallery\/hmkwartredaktion\/thumbs\/thumbs_MG_3391.JPG\"\n               data-image-id=\"18\"\n               data-title=\"_MG_3391.JPG\"\n               data-description=\"\"\n               data-image-slug=\"_mg_3391-jpg-1\"\n               class=\"ngg-fancybox\" rel=\"524\">\n                <img\n                    title=\"_MG_3391.JPG\"\n                    alt=\"_MG_3391.JPG\"\n                    src=\"http:\/\/journalcologne.hmkw.de\/kunstundkoeln\/wp-content\/uploads\/sites\/21\/nggallery\/hmkwartredaktion\/thumbs\/thumbs_MG_3391.JPG\"\n                    width=\"120\"\n                    height=\"90\"\n                    style=\"max-width:100%;\"\n                \/>\n            <\/a>\n        <\/div>\n\t\t\t\t\t\t\t<\/div> \n\t\t\t\n        \n\t\t\t\t<div id=\"ngg-image-4\" class=\"ngg-gallery-thumbnail-box\" >\n\t\t\t\t        <div class=\"ngg-gallery-thumbnail\">\n            <a href=\"http:\/\/journalcologne.hmkw.de\/kunstundkoeln\/wp-content\/uploads\/sites\/21\/nggallery\/hmkwartredaktion\/MG_2752.JPG\"\n               title=\"\"\n               data-src=\"http:\/\/journalcologne.hmkw.de\/kunstundkoeln\/wp-content\/uploads\/sites\/21\/nggallery\/hmkwartredaktion\/MG_2752.JPG\"\n               data-thumbnail=\"http:\/\/journalcologne.hmkw.de\/kunstundkoeln\/wp-content\/uploads\/sites\/21\/nggallery\/hmkwartredaktion\/thumbs\/thumbs_MG_2752.JPG\"\n               data-image-id=\"19\"\n               data-title=\"_MG_2752.JPG\"\n               data-description=\"\"\n               data-image-slug=\"_mg_2752-jpg-1\"\n               class=\"ngg-fancybox\" rel=\"524\">\n                <img\n                    title=\"_MG_2752.JPG\"\n                    alt=\"_MG_2752.JPG\"\n                    src=\"http:\/\/journalcologne.hmkw.de\/kunstundkoeln\/wp-content\/uploads\/sites\/21\/nggallery\/hmkwartredaktion\/thumbs\/thumbs_MG_2752.JPG\"\n                    width=\"120\"\n                    height=\"90\"\n                    style=\"max-width:100%;\"\n                \/>\n            <\/a>\n        <\/div>\n\t\t\t\t\t\t\t<\/div> \n\t\t\t\n        \n\t\t\t\t<div id=\"ngg-image-5\" class=\"ngg-gallery-thumbnail-box\" >\n\t\t\t\t        <div class=\"ngg-gallery-thumbnail\">\n            <a href=\"http:\/\/journalcologne.hmkw.de\/kunstundkoeln\/wp-content\/uploads\/sites\/21\/nggallery\/hmkwartredaktion\/MG_2756.JPG\"\n               title=\"\"\n               data-src=\"http:\/\/journalcologne.hmkw.de\/kunstundkoeln\/wp-content\/uploads\/sites\/21\/nggallery\/hmkwartredaktion\/MG_2756.JPG\"\n               data-thumbnail=\"http:\/\/journalcologne.hmkw.de\/kunstundkoeln\/wp-content\/uploads\/sites\/21\/nggallery\/hmkwartredaktion\/thumbs\/thumbs_MG_2756.JPG\"\n               data-image-id=\"20\"\n               data-title=\"_MG_2756.JPG\"\n               data-description=\"\"\n               data-image-slug=\"_mg_2756-jpg-1\"\n               class=\"ngg-fancybox\" rel=\"524\">\n                <img\n                    title=\"_MG_2756.JPG\"\n                    alt=\"_MG_2756.JPG\"\n                    src=\"http:\/\/journalcologne.hmkw.de\/kunstundkoeln\/wp-content\/uploads\/sites\/21\/nggallery\/hmkwartredaktion\/thumbs\/thumbs_MG_2756.JPG\"\n                    width=\"120\"\n                    height=\"90\"\n                    style=\"max-width:100%;\"\n                \/>\n            <\/a>\n        <\/div>\n\t\t\t\t\t\t\t<\/div> \n\t\t\t\n        \n\t\t\t\t<div id=\"ngg-image-6\" class=\"ngg-gallery-thumbnail-box\" >\n\t\t\t\t        <div class=\"ngg-gallery-thumbnail\">\n            <a href=\"http:\/\/journalcologne.hmkw.de\/kunstundkoeln\/wp-content\/uploads\/sites\/21\/nggallery\/hmkwartredaktion\/MG_2889.JPG\"\n               title=\"\"\n               data-src=\"http:\/\/journalcologne.hmkw.de\/kunstundkoeln\/wp-content\/uploads\/sites\/21\/nggallery\/hmkwartredaktion\/MG_2889.JPG\"\n               data-thumbnail=\"http:\/\/journalcologne.hmkw.de\/kunstundkoeln\/wp-content\/uploads\/sites\/21\/nggallery\/hmkwartredaktion\/thumbs\/thumbs_MG_2889.JPG\"\n               data-image-id=\"21\"\n               data-title=\"_MG_2889.JPG\"\n               data-description=\"\"\n               data-image-slug=\"_mg_2889-jpg-1\"\n               class=\"ngg-fancybox\" rel=\"524\">\n                <img\n                    title=\"_MG_2889.JPG\"\n                    alt=\"_MG_2889.JPG\"\n                    src=\"http:\/\/journalcologne.hmkw.de\/kunstundkoeln\/wp-content\/uploads\/sites\/21\/nggallery\/hmkwartredaktion\/thumbs\/thumbs_MG_2889.JPG\"\n                    width=\"120\"\n                    height=\"90\"\n                    style=\"max-width:100%;\"\n                \/>\n            <\/a>\n        <\/div>\n\t\t\t\t\t\t\t<\/div> \n\t\t\t\n        \n\t\t\t\t<div id=\"ngg-image-7\" class=\"ngg-gallery-thumbnail-box\" >\n\t\t\t\t        <div class=\"ngg-gallery-thumbnail\">\n            <a href=\"http:\/\/journalcologne.hmkw.de\/kunstundkoeln\/wp-content\/uploads\/sites\/21\/nggallery\/hmkwartredaktion\/MG_2918.JPG\"\n               title=\"\"\n               data-src=\"http:\/\/journalcologne.hmkw.de\/kunstundkoeln\/wp-content\/uploads\/sites\/21\/nggallery\/hmkwartredaktion\/MG_2918.JPG\"\n               data-thumbnail=\"http:\/\/journalcologne.hmkw.de\/kunstundkoeln\/wp-content\/uploads\/sites\/21\/nggallery\/hmkwartredaktion\/thumbs\/thumbs_MG_2918.JPG\"\n               data-image-id=\"22\"\n               data-title=\"_MG_2918.JPG\"\n               data-description=\"\"\n               data-image-slug=\"_mg_2918-jpg-1\"\n               class=\"ngg-fancybox\" rel=\"524\">\n                <img\n                    title=\"_MG_2918.JPG\"\n                    alt=\"_MG_2918.JPG\"\n                    src=\"http:\/\/journalcologne.hmkw.de\/kunstundkoeln\/wp-content\/uploads\/sites\/21\/nggallery\/hmkwartredaktion\/thumbs\/thumbs_MG_2918.JPG\"\n                    width=\"120\"\n                    height=\"90\"\n                    style=\"max-width:100%;\"\n                \/>\n            <\/a>\n        <\/div>\n\t\t\t\t\t\t\t<\/div> \n\t\t\t\n        \n\t\t\n\t\t<!-- Pagination -->\n\t<div class='ngg-clear'><\/div>\t<\/div>\n<\/p>\n","protected":false},"excerpt":{"rendered":"<div class=\"entry-summary\">\n&#8222;Kunst &amp; K\u00f6ln&#8220; ist der Blog zur ArtCologne, gestaltet von Studierenden des&hellip;\n<\/div>\n<div class=\"link-more\"><a href=\"http:\/\/journalcologne.hmkw.de\/kunstundkoeln\/ueberuns\/\" class=\"more-link\">Continue reading<span class=\"screen-reader-text\"> &ldquo;\u00dcber uns&rdquo;<\/span>&hellip;<\/a><\/div>\n","protected":false},"author":2,"featured_media":1965,"parent":0,"menu_order":0,"comment_status":"open","ping_status":"open","template":"","meta":{"ngg_post_thumbnail":0,"spay_email":""},"jetpack_sharing_enabled":true,"jetpack_shortlink":"https:\/\/wp.me\/P63LW5-2","_links":{"self":[{"href":"http:\/\/journalcologne.hmkw.de\/kunstundkoeln\/wp-json\/wp\/v2\/pages\/2"}],"collection":[{"href":"http:\/\/journalcologne.hmkw.de\/kunstundkoeln\/wp-json\/wp\/v2\/pages"}],"about":[{"href":"http:\/\/journalcologne.hmkw.de\/kunstundkoeln\/wp-json\/wp\/v2\/types\/page"}],"author":[{"embeddable":true,"href":"http:\/\/journalcologne.hmkw.de\/kunstundkoeln\/wp-json\/wp\/v2\/users\/2"}],"replies":[{"embeddable":true,"href":"http:\/\/journalcologne.hmkw.de\/kunstundkoeln\/wp-json\/wp\/v2\/comments?post=2"}],"version-history":[{"count":28,"href":"http:\/\/journalcologne.hmkw.de\/kunstundkoeln\/wp-json\/wp\/v2\/pages\/2\/revisions"}],"predecessor-version":[{"id":2306,"href":"http:\/\/journalcologne.hmkw.de\/kunstundkoeln\/wp-json\/wp\/v2\/pages\/2\/revisions\/2306"}],"wp:featuredmedia":[{"embeddable":true,"href":"http:\/\/journalcologne.hmkw.de\/kunstundkoeln\/wp-json\/wp\/v2\/media\/1965"}],"wp:attachment":[{"href":"http:\/\/journalcologne.hmkw.de\/kunstundkoeln\/wp-json\/wp\/v2\/media?parent=2"}],"curies":[{"name":"wp","href":"https:\/\/api.w.org\/{rel}","templated":true}]}}